{"id":1761,"date":"2020-08-12T14:44:46","date_gmt":"2020-08-12T14:44:46","guid":{"rendered":"https:\/\/legendatours.com\/product\/the-best-of-portugal-walking-holiday-in-the-soul-of-inland-portugal\/"},"modified":"2021-09-17T12:29:11","modified_gmt":"2021-09-17T12:29:11","slug":"the-soul-of-inland-portugal-10900g","status":"publish","type":"product","link":"https:\/\/legendatours.com\/sv\/produkt\/the-soul-of-inland-portugal-10900g\/","title":{"rendered":"Det b\u00e4sta av Portugal - Vandringssemester i sj\u00e4len i Inland Portugal"},"content":{"rendered":"<p><strong>Grupper accepteras med minst 6 personer.<\/strong><\/p>\n<p>&nbsp;<\/p>\n<p>Denna fantasifullt designade turn\u00e9 \u00e4r en levande reseskildring genom det b\u00e4sta av Portugal.<\/p>\n<p>Vi reser genom kulturhistorien i detta fascinerande land fr\u00e5n huvudstaden i Algarve, genom gamla byar och h\u00f6ga berg i inlandet till l\u00e4ngst i norr d\u00e4r Portugal f\u00f6ddes.<\/p>\n<p>P\u00e5 v\u00e4gen kommer vi att bes\u00f6ka ikoniska st\u00e4der och monument, v\u00e4rldsarv, uppskatta det fantastiska landskapet och njuta av god mat och vin.<\/p>\n<p>V\u00e5r multicentersemester kommer att ge dig m\u00f6jligheten att bes\u00f6ka m\u00e5nga av Portugals UNESCO: s v\u00e4rldsarv och utforska dess enorma kulturella m\u00e5ngfald medan du kopplar av i en v\u00e4lplanerad resplan som t\u00e4cker ett brett utbud av intressanta platser.<\/p>\n<div id=\"attachment_2706\" style=\"width: 1034px\" class=\"wp-caption alignnone\"><img loading=\"lazy\" decoding=\"async\" aria-describedby=\"caption-attachment-2706\" class=\"wp-image-2706 size-large\" title=\"\u00c9vora \u00e4r en av de b\u00e4sta turistm\u00e5len i centrala Portugal\" src=\"https:\/\/legendatours.net\/wp-content\/uploads\/2020\/07\/evora-1024x576.jpg\" alt=\"\u00c9vora is one of the best tourist destinations of central Portugal\" width=\"1024\" height=\"576\" \/><p id=\"caption-attachment-2706\" class=\"wp-caption-text\">\u00c9vora \u00e4r en av de b\u00e4sta turistm\u00e5len i centrala Portugal<\/p><\/div>\n<p>Du kommer att uppleva ett exceptionellt utbud av olika landskap bara en kort bit bort, massor av intressanta platser och unikt kulturarv, d\u00e4r tradition och modernitet sm\u00e4lter samman i perfekt harmoni. F\u00f6r att inte tala om ett fantastiskt k\u00f6k, fina viner och g\u00e4stv\u00e4nliga m\u00e4nniskor som kommer att g\u00f6ra denna turn\u00e9 till den b\u00e4sta semestern du n\u00e5gonsin haft.<\/p>\n<p>Kelter, romare, v\u00e4stgoter, morer och kristna satte alla sina sp\u00e5r i Portugal. P\u00e5 denna turn\u00e9 kan du se solnedg\u00e5ngen \u00f6ver mystiska megaliter utanf\u00f6r \u00c9vora eller f\u00f6rlora dig sj\u00e4lv i de utarbetade korridorerna av Tempelriddarens monument, idag Unesco World.<\/p>\n<p>V\u00e5r turn\u00e9 b\u00f6rjar i Faro och vi reser genom den dolda och mindre k\u00e4nda Algarve till de stora sl\u00e4tterna i Alentejo hem till fantastisk gastronomi och superlativa viner.<\/p>\n<p>Vi stannar inne<a href=\"..\/..\/product-tag\/evora\/\"> \u00c9vora<\/a>, en f\u00f6rtjusande stad som utstr\u00e5lar portugisisk charm och st\u00e5tar med ett stort utbud av fascinerande historiska monument.<\/p>\n<p>Portalegre, v\u00e5rt n\u00e4sta centrum kommer att vara porten att bes\u00f6ka <a href=\"..\/..\/?s=Marv\u00e3o\">Marv\u00e3o<\/a> och <a href=\"..\/..\/?s=Castelo+de+Vide\">Castelo de Vide<\/a> d\u00e4r vi st\u00e5r p\u00e5 murarna av gamla slott och ser \u00f6ver i Spanien.<\/p>\n<p>N\u00e4r vi reser norrut berikar bes\u00f6ken i Castelo Branco, Belmonte och Lamego v\u00e5r resa med sitt djupa kulturarv.<\/p>\n<div id=\"attachment_2536\" style=\"width: 1034px\" class=\"wp-caption alignnone\"><img loading=\"lazy\" decoding=\"async\" aria-describedby=\"caption-attachment-2536\" class=\"wp-image-2536 size-large\" title=\"Rio Douro i hj\u00e4rtat av den avgr\u00e4nsade portvinsregionen.\" src=\"https:\/\/legendatours.net\/wp-content\/uploads\/2020\/06\/River_douro-1024x640.jpg\" alt=\"Rio Douro at the heart of the demarcated port-wine region.\" width=\"1024\" height=\"640\" \/><p id=\"caption-attachment-2536\" class=\"wp-caption-text\">Rio Douro ligger i hj\u00e4rtat av den avgr\u00e4nsade portvinsregionen.<\/p><\/div>\n<p>Sedan \u00e4r det magnifika att \u00f6ppna sig dramatiskt framf\u00f6r oss <a href=\"..\/..\/?s=Douro+Valley\" target=\"_blank\" rel=\"noopener noreferrer\">Dourodalen<\/a> av portvinsber\u00f6mmelse d\u00e4r terrasserade ving\u00e5rdar verkar trotsa gravitationen n\u00e4r de sitter h\u00f6gt \u00f6ver floden.<\/p>\n<p>Dourodalen \u00e4r v\u00e5r port till norr d\u00e4r Portugal f\u00f6ddes.<\/p>\n<p>Vi bes\u00f6ker Vila Real och <a href=\"..\/..\/?s=Guimar\u00e3es\" target=\"_blank\" rel=\"noopener noreferrer\">Guimar\u00e3es<\/a>, d\u00e4r Portugal f\u00f6r \u00e5rhundraden sedan f\u00f6rklarades som ett sj\u00e4lvst\u00e4ndigt kungarike och hem till den f\u00f6rsta kungen.<\/p>\n<p>Vi reser sedan genom ett lappt\u00e4cke av \u00e5krar och Vinho Verde ving\u00e5rdar till <a href=\"..\/..\/?s=Viana+do+Castelo\" target=\"_blank\" rel=\"noopener noreferrer\">Viana do Castelo<\/a>, nordens p\u00e4rla.<\/p>\n<p>V\u00e5r f\u00f6rsta vecka avslutas i Porto, den o\u00f6vervinnliga staden. H\u00e4r kommer vi att kunna koppla av och njuta av denna ikoniska stad i norr.<\/p>\n<p>Allt detta och mycket mer v\u00e4ntar dig p\u00e5 denna underbara, djupg\u00e5ende Portugal-turn\u00e9!<\/p>\n<p>&nbsp;<\/p>\n<p>&nbsp;<\/p>\n<div class=\"row\" style=\"display: flex;\">\n<div class=\"column\" style=\"flex: 45%;\">\n<p><iframe loading=\"lazy\" title=\"Alentejo som aldrig sett f\u00f6rut\" width=\"1080\" height=\"608\" src=\"https:\/\/www.youtube.com\/embed\/sK3NutFlvQ4?feature=oembed\" frameborder=\"0\" allow=\"accelerometer; autoplay; clipboard-write; encrypted-media; gyroscope; picture-in-picture\" allowfullscreen><\/iframe><\/p>\n<\/div>\n<div class=\"column\" style=\"flex: 10%;\"><\/div>\n<div class=\"column\" style=\"flex: 45%;\">\n<p><iframe loading=\"lazy\" title=\"In the Mood for Alentejo: Del 1 | Underskattad region i Portugal | Evora &amp; Monsaraz\" width=\"1080\" height=\"608\" src=\"https:\/\/www.youtube.com\/embed\/iQIGN4dTSrs?feature=oembed\" frameborder=\"0\" allow=\"accelerometer; autoplay; clipboard-write; encrypted-media; gyroscope; picture-in-picture\" allowfullscreen><\/iframe><\/p>\n<\/div>\n<\/div>","protected":false},"excerpt":{"rendered":"<p>Denna fantasifullt designade turn\u00e9 \u00e4r en levande reseskildring genom det b\u00e4sta av Portugal.<\/p>\n<p>Vi reser genom kulturhistorien i detta fascinerande land fr\u00e5n huvudstaden i Algarve, genom gamla byar och h\u00f6ga berg i inlandet till l\u00e4ngst i norr d\u00e4r Portugal f\u00f6ddes.<\/p>\n<p>P\u00e5 v\u00e4gen kommer vi att bes\u00f6ka ikoniska st\u00e4der och monument, v\u00e4rldsarv, uppskatta det fantastiska landskapet och njuta av god mat och vin.<\/p>","protected":false},"featured_media":1751,"comment_status":"closed","ping_status":"closed","template":"","meta":{"_acf_changed":false,"inline_featured_image":false},"product_brand":[],"product_cat":[32,28,29,30],"product_tag":[210,211,73,147,212,213,36,214,38,39,350,215,216,268,89,47,48,90,117,217,50,192,218,195,219,406,94,95,220,199,201,221,222,223,224,100,162,56,106,225,57,59,226,227,408,228,229,66,208,70,71,230,231,232,233],"class_list":{"0":"post-1761","1":"product","2":"type-product","3":"status-publish","4":"has-post-thumbnail","6":"product_cat-cultural-tours-and-holidays-in-portugal","7":"product_cat-guided-group-tours","8":"product_cat-portugal-guided-historical-holidays","9":"product_cat-guided-sightseeing-holidays-portugal","10":"product_tag-alentejo","11":"product_tag-alentejo-landscape","12":"product_tag-alentejo-walking","13":"product_tag-algarve","14":"product_tag-ancient-buildings","15":"product_tag-castelo-de-vide","16":"product_tag-cultural-heritage","17":"product_tag-culture","18":"product_tag-douro","19":"product_tag-douro-river","20":"product_tag-douro-riverbanks","21":"product_tag-evora","22":"product_tag-evora-walking","23":"product_tag-faro","24":"product_tag-guided-group-tour","25":"product_tag-guided-holidays","26":"product_tag-guided-tours","27":"product_tag-guided-walking-holidays","28":"product_tag-guimaraes","29":"product_tag-heritage","30":"product_tag-historic","31":"product_tag-historic-buildings","32":"product_tag-history","33":"product_tag-history-and-heritage","34":"product_tag-inland-alentejo","35":"product_tag-lamego","36":"product_tag-landscape","37":"product_tag-magnificent-landscape","38":"product_tag-marvao","39":"product_tag-medieval-castle","40":"product_tag-medieval-streets","41":"product_tag-minho-region-portugal","42":"product_tag-monsaraz","43":"product_tag-monuments","44":"product_tag-nature","45":"product_tag-nature-holidays","46":"product_tag-nature-walks","47":"product_tag-oporto","48":"product_tag-picturesque-landscapes","49":"product_tag-portalegre-walking","50":"product_tag-porto","51":"product_tag-porto-world-heritage","52":"product_tag-portos-old-town","53":"product_tag-private-groups","54":"product_tag-regua","55":"product_tag-sightseeing","56":"product_tag-sightseeing-porto","57":"product_tag-sightseeing-tour","58":"product_tag-traditional-villages","59":"product_tag-traditions","60":"product_tag-unesco-world-heritage-site","61":"product_tag-viana-do-castelo","62":"product_tag-vinho-verde","63":"product_tag-wild-flowers-alentejo","64":"product_tag-world-heritage","66":"first","67":"instock","68":"virtual","69":"product-type-simple"},"acf":[],"yoast_head":"<!-- This site is optimized with the Yoast SEO Premium plugin v26.8 (Yoast SEO v27.5) - https:\/\/yoast.com\/product\/yoast-seo-premium-wordpress\/ -->\n<title>The Best of Portugal - Walking Holiday in The Soul of Inland Portugal - Legendary Adventure DMC Portugal<\/title>\n<meta name=\"robots\" content=\"index, follow, max-snippet:-1, max-image-preview:large, max-video-preview:-1\" \/>\n<link rel=\"canonical\" href=\"https:\/\/legendatours.com\/sv\/produkt\/the-soul-of-inland-portugal-10900g\/\" \/>\n<meta property=\"og:locale\" content=\"sv_SE\" \/>\n<meta property=\"og:type\" content=\"article\" \/>\n<meta property=\"og:title\" content=\"The Best of Portugal - Walking Holiday in The Soul of Inland Portugal\" \/>\n<meta property=\"og:description\" content=\"This imaginatively designed tour is a living travelogue through the best of Portugal.  We journey through the cultural history of this fascinating country from the capital of the Algarve, through ancient villages and high mountains of the interior to the far north where Portugal was born.  On the way, we\u2019ll visit iconic cities and monuments, World Heritage sites, appreciate the fantastic scenery, and enjoy great food and wine.\" \/>\n<meta property=\"og:url\" content=\"https:\/\/legendatours.com\/sv\/produkt\/the-soul-of-inland-portugal-10900g\/\" \/>\n<meta property=\"og:site_name\" content=\"Legendary Adventure DMC Portugal\" \/>\n<meta property=\"article:publisher\" content=\"https:\/\/www.facebook.com\/legendaryadventuredmc\/\" \/>\n<meta property=\"article:modified_time\" content=\"2021-09-17T12:29:11+00:00\" \/>\n<meta property=\"og:image\" content=\"https:\/\/legendatours.com\/wp-content\/uploads\/sites\/12\/2021\/04\/Guimaraes-birth-of-Portugal-e1611668814346.jpg\" \/>\n\t<meta property=\"og:image:width\" content=\"1024\" \/>\n\t<meta property=\"og:image:height\" content=\"763\" \/>\n\t<meta property=\"og:image:type\" content=\"image\/jpeg\" \/>\n<meta name=\"twitter:card\" content=\"summary_large_image\" \/>\n<meta name=\"twitter:label1\" content=\"Ber\u00e4knad l\u00e4stid\" \/>\n\t<meta name=\"twitter:data1\" content=\"2 minuter\" \/>\n<script type=\"application\/ld+json\" class=\"yoast-schema-graph\">{\"@context\":\"https:\\\/\\\/schema.org\",\"@graph\":[{\"@type\":\"WebPage\",\"@id\":\"https:\\\/\\\/legendatours.com\\\/product\\\/the-soul-of-inland-portugal-10900g\\\/\",\"url\":\"https:\\\/\\\/legendatours.com\\\/product\\\/the-soul-of-inland-portugal-10900g\\\/\",\"name\":\"The Best of Portugal - Walking Holiday in The Soul of Inland Portugal - Legendary Adventure DMC Portugal\",\"isPartOf\":{\"@id\":\"https:\\\/\\\/legendatours.com\\\/#website\"},\"primaryImageOfPage\":{\"@id\":\"https:\\\/\\\/legendatours.com\\\/product\\\/the-soul-of-inland-portugal-10900g\\\/#primaryimage\"},\"image\":{\"@id\":\"https:\\\/\\\/legendatours.com\\\/product\\\/the-soul-of-inland-portugal-10900g\\\/#primaryimage\"},\"thumbnailUrl\":\"https:\\\/\\\/legendatours.com\\\/wp-content\\\/uploads\\\/sites\\\/12\\\/2021\\\/04\\\/Guimaraes-birth-of-Portugal-e1611668814346.jpg\",\"datePublished\":\"2020-08-12T14:44:46+00:00\",\"dateModified\":\"2021-09-17T12:29:11+00:00\",\"breadcrumb\":{\"@id\":\"https:\\\/\\\/legendatours.com\\\/product\\\/the-soul-of-inland-portugal-10900g\\\/#breadcrumb\"},\"inLanguage\":\"sv-SE\",\"potentialAction\":[{\"@type\":\"ReadAction\",\"target\":[\"https:\\\/\\\/legendatours.com\\\/product\\\/the-soul-of-inland-portugal-10900g\\\/\"]}]},{\"@type\":\"ImageObject\",\"inLanguage\":\"sv-SE\",\"@id\":\"https:\\\/\\\/legendatours.com\\\/product\\\/the-soul-of-inland-portugal-10900g\\\/#primaryimage\",\"url\":\"https:\\\/\\\/legendatours.com\\\/wp-content\\\/uploads\\\/sites\\\/12\\\/2021\\\/04\\\/Guimaraes-birth-of-Portugal-e1611668814346.jpg\",\"contentUrl\":\"https:\\\/\\\/legendatours.com\\\/wp-content\\\/uploads\\\/sites\\\/12\\\/2021\\\/04\\\/Guimaraes-birth-of-Portugal-e1611668814346.jpg\",\"width\":1024,\"height\":763,\"caption\":\"The magnificient castle of the craddle of Portugal, Guimar\u00e3es\"},{\"@type\":\"BreadcrumbList\",\"@id\":\"https:\\\/\\\/legendatours.com\\\/product\\\/the-soul-of-inland-portugal-10900g\\\/#breadcrumb\",\"itemListElement\":[{\"@type\":\"ListItem\",\"position\":1,\"name\":\"Home\",\"item\":\"https:\\\/\\\/legendatours.com\\\/\"},{\"@type\":\"ListItem\",\"position\":2,\"name\":\"Shop\",\"item\":\"https:\\\/\\\/legendatours.com\\\/sv\\\/?page_id=4\"},{\"@type\":\"ListItem\",\"position\":3,\"name\":\"The Best of Portugal &#8211; Walking Holiday in The Soul of Inland Portugal\"}]},{\"@type\":\"WebSite\",\"@id\":\"https:\\\/\\\/legendatours.com\\\/#website\",\"url\":\"https:\\\/\\\/legendatours.com\\\/\",\"name\":\"Legendary Adventure DMC Portugal\",\"description\":\"Responsible Walking &amp; Nature Holidays in Portugal\",\"publisher\":{\"@id\":\"https:\\\/\\\/legendatours.com\\\/#organization\"},\"alternateName\":\"Legendary Adventure Portugal\",\"potentialAction\":[{\"@type\":\"SearchAction\",\"target\":{\"@type\":\"EntryPoint\",\"urlTemplate\":\"https:\\\/\\\/legendatours.com\\\/?s={search_term_string}\"},\"query-input\":{\"@type\":\"PropertyValueSpecification\",\"valueRequired\":true,\"valueName\":\"search_term_string\"}}],\"inLanguage\":\"sv-SE\"},{\"@type\":\"Organization\",\"@id\":\"https:\\\/\\\/legendatours.com\\\/#organization\",\"name\":\"legendatours.com\",\"url\":\"https:\\\/\\\/legendatours.com\\\/\",\"logo\":{\"@type\":\"ImageObject\",\"inLanguage\":\"sv-SE\",\"@id\":\"https:\\\/\\\/legendatours.com\\\/#\\\/schema\\\/logo\\\/image\\\/\",\"url\":\"https:\\\/\\\/legendatours.com\\\/wp-content\\\/uploads\\\/sites\\\/12\\\/2021\\\/06\\\/legendary_adventure_dmc.png\",\"contentUrl\":\"https:\\\/\\\/legendatours.com\\\/wp-content\\\/uploads\\\/sites\\\/12\\\/2021\\\/06\\\/legendary_adventure_dmc.png\",\"width\":250,\"height\":74,\"caption\":\"legendatours.com\"},\"image\":{\"@id\":\"https:\\\/\\\/legendatours.com\\\/#\\\/schema\\\/logo\\\/image\\\/\"},\"sameAs\":[\"https:\\\/\\\/www.facebook.com\\\/legendaryadventuredmc\\\/\",\"https:\\\/\\\/www.linkedin.com\\\/company\\\/legendary-adventure-dmc-portugal\",\"https:\\\/\\\/www.youtube.com\\\/channel\\\/UCOIRDx_KM6ynIcacQkZjb6g\"]}]}<\/script>\n<!-- \/ Yoast SEO Premium plugin. -->","yoast_head_json":{"title":"Det b\u00e4sta av Portugal - Vandringssemester i sj\u00e4len i Portugals inland - Legendariskt \u00e4ventyr DMC Portugal","robots":{"index":"index","follow":"follow","max-snippet":"max-snippet:-1","max-image-preview":"max-image-preview:large","max-video-preview":"max-video-preview:-1"},"canonical":"https:\/\/legendatours.com\/sv\/produkt\/the-soul-of-inland-portugal-10900g\/","og_locale":"sv_SE","og_type":"article","og_title":"The Best of Portugal - Walking Holiday in The Soul of Inland Portugal","og_description":"This imaginatively designed tour is a living travelogue through the best of Portugal.  We journey through the cultural history of this fascinating country from the capital of the Algarve, through ancient villages and high mountains of the interior to the far north where Portugal was born.  On the way, we\u2019ll visit iconic cities and monuments, World Heritage sites, appreciate the fantastic scenery, and enjoy great food and wine.","og_url":"https:\/\/legendatours.com\/sv\/produkt\/the-soul-of-inland-portugal-10900g\/","og_site_name":"Legendary Adventure DMC Portugal","article_publisher":"https:\/\/www.facebook.com\/legendaryadventuredmc\/","article_modified_time":"2021-09-17T12:29:11+00:00","og_image":[{"width":1024,"height":763,"url":"https:\/\/legendatours.com\/wp-content\/uploads\/sites\/12\/2021\/04\/Guimaraes-birth-of-Portugal-e1611668814346.jpg","type":"image\/jpeg"}],"twitter_card":"summary_large_image","twitter_misc":{"Ber\u00e4knad l\u00e4stid":"2 minuter"},"schema":{"@context":"https:\/\/schema.org","@graph":[{"@type":"WebPage","@id":"https:\/\/legendatours.com\/product\/the-soul-of-inland-portugal-10900g\/","url":"https:\/\/legendatours.com\/product\/the-soul-of-inland-portugal-10900g\/","name":"Det b\u00e4sta av Portugal - Vandringssemester i sj\u00e4len i Portugals inland - Legendariskt \u00e4ventyr DMC Portugal","isPartOf":{"@id":"https:\/\/legendatours.com\/#website"},"primaryImageOfPage":{"@id":"https:\/\/legendatours.com\/product\/the-soul-of-inland-portugal-10900g\/#primaryimage"},"image":{"@id":"https:\/\/legendatours.com\/product\/the-soul-of-inland-portugal-10900g\/#primaryimage"},"thumbnailUrl":"https:\/\/legendatours.com\/wp-content\/uploads\/sites\/12\/2021\/04\/Guimaraes-birth-of-Portugal-e1611668814346.jpg","datePublished":"2020-08-12T14:44:46+00:00","dateModified":"2021-09-17T12:29:11+00:00","breadcrumb":{"@id":"https:\/\/legendatours.com\/product\/the-soul-of-inland-portugal-10900g\/#breadcrumb"},"inLanguage":"sv-SE","potentialAction":[{"@type":"ReadAction","target":["https:\/\/legendatours.com\/product\/the-soul-of-inland-portugal-10900g\/"]}]},{"@type":"ImageObject","inLanguage":"sv-SE","@id":"https:\/\/legendatours.com\/product\/the-soul-of-inland-portugal-10900g\/#primaryimage","url":"https:\/\/legendatours.com\/wp-content\/uploads\/sites\/12\/2021\/04\/Guimaraes-birth-of-Portugal-e1611668814346.jpg","contentUrl":"https:\/\/legendatours.com\/wp-content\/uploads\/sites\/12\/2021\/04\/Guimaraes-birth-of-Portugal-e1611668814346.jpg","width":1024,"height":763,"caption":"The magnificient castle of the craddle of Portugal, Guimar\u00e3es"},{"@type":"BreadcrumbList","@id":"https:\/\/legendatours.com\/product\/the-soul-of-inland-portugal-10900g\/#breadcrumb","itemListElement":[{"@type":"ListItem","position":1,"name":"Home","item":"https:\/\/legendatours.com\/"},{"@type":"ListItem","position":2,"name":"Shop","item":"https:\/\/legendatours.com\/sv\/?page_id=4"},{"@type":"ListItem","position":3,"name":"The Best of Portugal &#8211; Walking Holiday in The Soul of Inland Portugal"}]},{"@type":"WebSite","@id":"https:\/\/legendatours.com\/#website","url":"https:\/\/legendatours.com\/","name":"Legendariskt \u00e4ventyr DMC Portugal","description":"Ansvarsfulla vandringar och natursemester i Portugal","publisher":{"@id":"https:\/\/legendatours.com\/#organization"},"alternateName":"Legendary Adventure Portugal","potentialAction":[{"@type":"SearchAction","target":{"@type":"EntryPoint","urlTemplate":"https:\/\/legendatours.com\/?s={search_term_string}"},"query-input":{"@type":"PropertyValueSpecification","valueRequired":true,"valueName":"search_term_string"}}],"inLanguage":"sv-SE"},{"@type":"Organization","@id":"https:\/\/legendatours.com\/#organization","name":"legendatours.com","url":"https:\/\/legendatours.com\/","logo":{"@type":"ImageObject","inLanguage":"sv-SE","@id":"https:\/\/legendatours.com\/#\/schema\/logo\/image\/","url":"https:\/\/legendatours.com\/wp-content\/uploads\/sites\/12\/2021\/06\/legendary_adventure_dmc.png","contentUrl":"https:\/\/legendatours.com\/wp-content\/uploads\/sites\/12\/2021\/06\/legendary_adventure_dmc.png","width":250,"height":74,"caption":"legendatours.com"},"image":{"@id":"https:\/\/legendatours.com\/#\/schema\/logo\/image\/"},"sameAs":["https:\/\/www.facebook.com\/legendaryadventuredmc\/","https:\/\/www.linkedin.com\/company\/legendary-adventure-dmc-portugal","https:\/\/www.youtube.com\/channel\/UCOIRDx_KM6ynIcacQkZjb6g"]}]}},"_links":{"self":[{"href":"https:\/\/legendatours.com\/sv\/wp-json\/wp\/v2\/product\/1761","targetHints":{"allow":["GET"]}}],"collection":[{"href":"https:\/\/legendatours.com\/sv\/wp-json\/wp\/v2\/product"}],"about":[{"href":"https:\/\/legendatours.com\/sv\/wp-json\/wp\/v2\/types\/product"}],"replies":[{"embeddable":true,"href":"https:\/\/legendatours.com\/sv\/wp-json\/wp\/v2\/comments?post=1761"}],"wp:featuredmedia":[{"embeddable":true,"href":"https:\/\/legendatours.com\/sv\/wp-json\/wp\/v2\/media\/1751"}],"wp:attachment":[{"href":"https:\/\/legendatours.com\/sv\/wp-json\/wp\/v2\/media?parent=1761"}],"wp:term":[{"taxonomy":"product_brand","embeddable":true,"href":"https:\/\/legendatours.com\/sv\/wp-json\/wp\/v2\/product_brand?post=1761"},{"taxonomy":"product_cat","embeddable":true,"href":"https:\/\/legendatours.com\/sv\/wp-json\/wp\/v2\/product_cat?post=1761"},{"taxonomy":"product_tag","embeddable":true,"href":"https:\/\/legendatours.com\/sv\/wp-json\/wp\/v2\/product_tag?post=1761"}],"curies":[{"name":"wp","href":"https:\/\/api.w.org\/{rel}","templated":true}]}}