{"id":7599,"date":"2020-08-07T14:33:13","date_gmt":"2020-08-07T14:33:13","guid":{"rendered":"https:\/\/legendatours.com\/product\/the-best-of-portugal-by-coach\/"},"modified":"2021-09-17T12:53:34","modified_gmt":"2021-09-17T12:53:34","slug":"the-best-of-portugal-by-coach-6100g","status":"publish","type":"product","link":"https:\/\/legendatours.com\/sv\/produkt\/the-best-of-portugal-by-coach-6100g\/","title":{"rendered":"Det b\u00e4sta av Portugal av tr\u00e4nare"},"content":{"rendered":"<p><strong>Grupper accepteras med minst 6 personer.<\/strong><\/p>\n<p><em>Valfritt: 15 dagars rundtur \/ 8 dagars rundtur<\/em><\/p>\n<p>&nbsp;<\/p>\n<p>Denna fantasifullt designade turn\u00e9 \u00e4r en levande reseskildring genom det b\u00e4sta av Portugal.<\/p>\n<p>Vi reser genom kulturhistorien i detta fascinerande land fr\u00e5n str\u00e4nderna och dramatiska klipporna i Algarve, gamla byar och h\u00f6ga berg i inlandet till l\u00e4ngst i norr d\u00e4r Portugal f\u00f6ddes.<\/p>\n<p>P\u00e5 v\u00e4gen kommer vi att bes\u00f6ka ikoniska st\u00e4der och monument, uppskatta det fantastiska landskapet och njuta av god mat och vin.<\/p>\n<p>V\u00e5r multicentersemester kommer att ge dig m\u00f6jligheten att bes\u00f6ka m\u00e5nga av Portugals UNESCO: s v\u00e4rldsarv och utforska dess enorma kulturella m\u00e5ngfald medan du kopplar av i en v\u00e4lplanerad resplan som t\u00e4cker ett brett utbud av intressanta platser.<\/p>\n<div id=\"attachment_2451\" style=\"width: 1034px\" class=\"wp-caption alignnone\"><img loading=\"lazy\" decoding=\"async\" aria-describedby=\"caption-attachment-2451\" class=\"wp-image-2451 size-large\" title=\"Faros gamla stad - Historisk och bef\u00e4st stadsk\u00e4rna\" src=\"https:\/\/legendatours.net\/wp-content\/uploads\/2020\/06\/faro_old_town-1-1024x683.jpg\" alt=\"Faro Old Town - Historic and fortified city center\" width=\"1024\" height=\"683\" \/><p id=\"caption-attachment-2451\" class=\"wp-caption-text\"><a href=\"..\/..\/?s=faro\" target=\"_blank\" rel=\"noopener\">Faro<\/a> Gamla stan \u2013 Historisk och bef\u00e4st stadsk\u00e4rna. Den \u00e4ldsta delen av Faro, Detta charmiga omr\u00e5de garanterar en trevlig promenad och fantastiska bilder.<\/p><\/div>\n<p>Vi ger dig m\u00f6jligheten till en rundtur som b\u00f6rjar och slutar i Faro, en 15-dagars vistelse eller en 8-dagars tur, som b\u00f6rjar i Porto och slutar i Faro.<\/p>\n<p>Du kommer att uppleva ett exceptionellt utbud av olika landskap bara en kort bit bort, massor av intressanta platser och unikt kulturarv, d\u00e4r tradition och modernitet sm\u00e4lter samman i perfekt harmoni. F\u00f6r att inte tala om ett fantastiskt k\u00f6k, fina viner och g\u00e4stv\u00e4nliga m\u00e4nniskor som kommer att g\u00f6ra denna turn\u00e9 till den b\u00e4sta semestern du n\u00e5gonsin haft.<\/p>\n<div id=\"attachment_2706\" style=\"width: 1034px\" class=\"wp-caption alignnone\"><img loading=\"lazy\" decoding=\"async\" aria-describedby=\"caption-attachment-2706\" class=\"size-full wp-image-2706\" src=\"https:\/\/legendatours.net\/wp-content\/uploads\/2020\/07\/evora-e1611683562286.jpg\" alt=\"\u00c9vora is one of the best tourist destinations of central Portugal\" width=\"1024\" height=\"576\" \/><p id=\"caption-attachment-2706\" class=\"wp-caption-text\">\u00c9vora \u00e4r en av de b\u00e4sta turistm\u00e5len i centrala Portugal<\/p><\/div>\n<p>Kelter, romare, v\u00e4stgoter, morer och kristna satte alla sina sp\u00e5r i Portugal. P\u00e5 denna turn\u00e9 kan du titta p\u00e5 solnedg\u00e5ngen \u00f6ver mystiska megaliter utanf\u00f6r \u00c9vora eller f\u00f6rlora dig sj\u00e4lv i de utarbetade korridorerna av tempelriddarens monument, idag Unescos v\u00e4rldsarv i Tomar, Alcoba\u00e7a eller Batalha. Du kommer att bes\u00f6ka palats som ligger ovanf\u00f6r dimbelagda skogar och klippiga slott i Sintra och Bu\u00e7aco, och titta p\u00e5 fantastiskt bevarade medeltida stadsk\u00e4rnor, i \u00c9vora, Guimar\u00e3es och Porto. Det rika judiska arvet som finns i byarna Castelo de Vide och Belmonte kommer att \u00f6verraska m\u00e5nga.<\/p>\n<p>V\u00e5r turn\u00e9 b\u00f6rjar i Faro och vi reser genom den dolda och mindre k\u00e4nda Algarve till de stora sl\u00e4tterna i Alentejo hem till fantastisk gastronomi och superlativa viner.<\/p>\n<div id=\"attachment_2750\" style=\"width: 1034px\" class=\"wp-caption alignnone\"><img loading=\"lazy\" decoding=\"async\" aria-describedby=\"caption-attachment-2750\" class=\"wp-image-2750 size-large\" title=\"Tomar. Denna stad beskrivs ofta som Portugals smycken tack vare dess pittoreska landskap och historia fyllda v\u00e4ggar.\" src=\"https:\/\/legendatours.net\/wp-content\/uploads\/2020\/07\/tomar-1024x677.jpg\" alt=\"Tomar center\" width=\"1024\" height=\"677\" \/><p id=\"caption-attachment-2750\" class=\"wp-caption-text\"><a href=\"..\/..\/?s=tomar\" target=\"_blank\" rel=\"noopener\">Tomar<\/a>. Denna stad beskrivs ofta som Portugals smycken tack vare dess pittoreska landskap och historiefyllda murar.<\/p><\/div>\n<p>Vi bor i gastronomi, en f\u00f6rtjusande stad som utstr\u00e5lar portugisisk charm och st\u00e5tar med ett stort utbud av fascinerande historiska monument.<\/p>\n<p>Portalegre, v\u00e5rt n\u00e4sta centrum kommer att vara porten f\u00f6r att bes\u00f6ka Marv\u00e3o och Castelo de Vide d\u00e4r vi st\u00e5r p\u00e5 murarna av gamla slott och ser \u00f6ver in i Spanien.<\/p>\n<p>N\u00e4r vi reser norrut berikar bes\u00f6ken i Castelo Branco, Belmonte och Lamego v\u00e5r resa med sitt djupa kulturarv.<\/p>\n<p>Sedan \u00f6ppnar sig dramatiskt framf\u00f6r oss den magnifika Dourodalen av portvinsber\u00f6mmelse d\u00e4r terrasserade ving\u00e5rdar verkar trotsa gravitationen n\u00e4r de sitter h\u00f6gt \u00f6ver floden. Dourodalen \u00e4r v\u00e5r port till norr d\u00e4r Portugal f\u00f6ddes.<\/p>\n<div id=\"attachment_2556\" style=\"width: 1210px\" class=\"wp-caption alignnone\"><img loading=\"lazy\" decoding=\"async\" aria-describedby=\"caption-attachment-2556\" class=\"size-full wp-image-2556\" src=\"https:\/\/legendatours.net\/wp-content\/uploads\/2020\/06\/castel_guimaraes.jpg\" alt=\"Castle of Guimaraes\" width=\"1200\" height=\"675\" \/><p id=\"caption-attachment-2556\" class=\"wp-caption-text\">Castle of Guimaraes<\/p><\/div>\n<p>Vi bes\u00f6ker Vila Real och Guimar\u00e3es, d\u00e4r Portugal f\u00f6r \u00e5rhundraden sedan f\u00f6rklarades som ett sj\u00e4lvst\u00e4ndigt kungarike och hem till den f\u00f6rsta kungen.<\/p>\n<p>Vi reser sedan genom ett lappt\u00e4cke av \u00e5krar och Vinho Verde ving\u00e5rdar till Viana do Castelo, p\u00e4rlan i norr.<\/p>\n<p>V\u00e5r f\u00f6rsta vecka avslutas i Porto, den o\u00f6vervinnliga staden. H\u00e4r kommer vi att kunna koppla av och njuta av denna ikoniska stad i norr.<\/p>\n<p>Fr\u00e5n Porto sv\u00e4nger vi s\u00f6derut p\u00e5 den atlantiska sidan av Portugal mot Coimbra och stannar till f\u00f6r att njuta av skogen och tr\u00e4dg\u00e5rdarna i Bu\u00e7aco och naturligtvis Conimbriga, det kanske mest p\u00e5kostade exemplet p\u00e5 romersk dekadens.<\/p>\n<p>Vi har turen att bo i den anm\u00e4rkningsv\u00e4rda och vackra staden Tomar i tv\u00e5 n\u00e4tter, vilket g\u00f6r det m\u00f6jligt f\u00f6r oss att bes\u00f6ka det ber\u00f6mda tempelriddarklostret Kristus.<\/p>\n<p>Bes\u00f6k i n\u00e4rheten inkluderar det imponerande klostret Batalha och det mer intima och charmiga, men inte mindre storslagna, Mosteiro de Alcoba\u00e7a.<\/p>\n<div id=\"attachment_3794\" style=\"width: 1034px\" class=\"wp-caption alignnone\"><img loading=\"lazy\" decoding=\"async\" aria-describedby=\"caption-attachment-3794\" class=\"wp-image-3794 size-large\" title=\"Batalha Abbey kloster. Dominikanerklostret Batalha \u00e4r ett av de absoluta m\u00e4sterverken inom gotisk konst i Portugal\" src=\"https:\/\/legendatours.net\/wp-content\/uploads\/2020\/09\/Batalha-Abbey-cloisters-1024x692.jpg\" alt=\"Batalha Abbey cloisters\" width=\"1024\" height=\"692\" \/><p id=\"caption-attachment-3794\" class=\"wp-caption-text\">Batalha Abbey kloster. Dominikanerklostret Batalha \u00e4r ett av de absoluta m\u00e4sterverken inom gotisk konst i Portugal<\/p><\/div>\n<p>N\u00e4r vi forts\u00e4tter s\u00f6derut till Lissabon \u00e4r ett bes\u00f6k i \u00d3bidos, den mest k\u00e4nda muromg\u00e4rdade staden i Portugal, ett m\u00e5ste.<\/p>\n<p>Ytterligare tv\u00e5 n\u00e4tters vistelse i Lissabon kommer att g\u00f6ra det m\u00f6jligt f\u00f6r oss att njuta av denna fantastiska stads livliga livsstil, monument och attraktioner.<\/p>\n<p>Lissabon, en av Europas mest karismatiska st\u00e4der, \u00e4r nu v\u00e4lf\u00f6rtj\u00e4nt en av de mest bes\u00f6kta st\u00e4derna i Europa. Den \u00e4r full av kulturella h\u00f6jdpunkter och monument och har ett varierat och dynamiskt nattliv, fr\u00e5n traditionella Fado-barer till moderna platser i Chiado, Alfama och floden Tejo.<\/p>\n<div id=\"attachment_2504\" style=\"width: 1154px\" class=\"wp-caption alignnone\"><img loading=\"lazy\" decoding=\"async\" aria-describedby=\"caption-attachment-2504\" class=\"size-full wp-image-2504\" src=\"https:\/\/legendatours.net\/wp-content\/uploads\/2020\/03\/belem_tower.jpg\" alt=\"Portugal\u2019s UNESCO World Heritage Sites\" width=\"1144\" height=\"800\" \/><p id=\"caption-attachment-2504\" class=\"wp-caption-text\">Belem Tower, Lissabon<\/p><\/div>\n<p>I den soliga s\u00f6dern finns det rika moriska arvet \u00f6verallt, och vi kommer att ha m\u00f6jlighet att bes\u00f6ka Sagres, som ligger p\u00e5 en udde med utsikt \u00f6ver en pittoresk hamn. Prins Henrik sj\u00f6fararen startade h\u00e4r Portugals uppt\u00e4cktsresor under 1400-talet.<\/p>\n<p>Vi forts\u00e4tter s\u00f6derut och bes\u00f6ker Alc\u00e1cer do Sal, en gammal morisk stad omgiven av risf\u00e4lt, innan vi hamnar i Silves, Algarves antika huvudstad. H\u00e4rifr\u00e5n kan vi bes\u00f6ka Lagos, Sagres och Cabo de S Vincente, en g\u00e5ng slutet p\u00e5 den k\u00e4nda v\u00e4rlden.<\/p>\n<p>Allt detta och mycket mer v\u00e4ntar dig p\u00e5 denna underbara, djupg\u00e5ende Portugal-turn\u00e9!<\/p>\n<div class=\"row\" style=\"display: flex;\">\n<div class=\"column\" style=\"flex: 45%;\">\n<p><iframe loading=\"lazy\" title=\"FARO - Reklamvideo 2016 (SV)\" width=\"1080\" height=\"608\" src=\"https:\/\/www.youtube.com\/embed\/HavaBNafrVc?feature=oembed\" frameborder=\"0\" allow=\"accelerometer; autoplay; clipboard-write; encrypted-media; gyroscope; picture-in-picture\" allowfullscreen><\/iframe><\/p>\n<\/div>\n<div class=\"column\" style=\"flex: 10%;\"><\/div>\n<div class=\"column\" style=\"flex: 45%;\">\n<p><iframe loading=\"lazy\" title=\"Portugal som aldrig sett tidigare (arv)\" width=\"1080\" height=\"608\" src=\"https:\/\/www.youtube.com\/embed\/AwMagvRIWhc?list=PLuMAo-oYl9zgZ7THp1rusNGKOkYZUOfhp\" frameborder=\"0\" allow=\"accelerometer; autoplay; clipboard-write; encrypted-media; gyroscope; picture-in-picture\" allowfullscreen><\/iframe><\/p>\n<\/div>\n<\/div>","protected":false},"excerpt":{"rendered":"<p>Denna fantasifullt designade turn\u00e9 \u00e4r en levande reseskildring genom det b\u00e4sta av Portugal.<\/p>\n<p>Vi reser genom kulturhistorien i detta fascinerande land fr\u00e5n str\u00e4nderna och dramatiska klipporna i Algarve, gamla byar och h\u00f6ga berg i inlandet till l\u00e4ngst i norr d\u00e4r Portugal f\u00f6ddes.<\/p>\n<p>P\u00e5 v\u00e4gen kommer vi att bes\u00f6ka ikoniska st\u00e4der och monument, uppskatta det fantastiska landskapet och njuta av god mat och vin.<\/p>\n<p>V\u00e5r multicentersemester kommer att ge dig m\u00f6jligheten att bes\u00f6ka m\u00e5nga av Portugals UNESCO: s v\u00e4rldsarv och utforska dess enorma kulturella m\u00e5ngfald medan du kopplar av i en v\u00e4lplanerad resplan som t\u00e4cker ett brett utbud av intressanta platser.<\/p>\n<p>Vi ger dig m\u00f6jligheten till en rundtur som b\u00f6rjar och slutar i Faro, en 15-dagars vistelse eller en 8-dagars tur, som b\u00f6rjar i Porto och slutar i Faro.<\/p>","protected":false},"featured_media":1691,"comment_status":"closed","ping_status":"closed","template":"","meta":{"_acf_changed":false,"inline_featured_image":false},"product_brand":[],"product_cat":[32,329,28,29,30],"product_tag":[330,331,332,211,147,212,333,183,334,335,336,213,267,36,214,337,40,84,85,215,268,338,130,46,339,117,217,131,53,197,138,55,340,223,56,57,60,341,64,65,342,343,278,344,207,71,345,233,346],"class_list":{"0":"post-7599","1":"product","2":"type-product","3":"status-publish","4":"has-post-thumbnail","6":"product_cat-cultural-tours-and-holidays-in-portugal","7":"product_cat-guided-coach-tours-in-portugal","8":"product_cat-guided-group-tours","9":"product_cat-portugal-guided-historical-holidays","10":"product_cat-guided-sightseeing-holidays-portugal","11":"product_tag-alcacer-do-sal","12":"product_tag-alcobaca","13":"product_tag-alenteho","14":"product_tag-alentejo-landscape","15":"product_tag-algarve","16":"product_tag-ancient-buildings","17":"product_tag-ancient-churches","18":"product_tag-ancient-villages-and-castles","19":"product_tag-batalha","20":"product_tag-bucaco-hills","21":"product_tag-bus-trip","22":"product_tag-castelo-de-vide","23":"product_tag-coimbra","24":"product_tag-cultural-heritage","25":"product_tag-culture","26":"product_tag-delicious-food","27":"product_tag-douro-valley","28":"product_tag-dramatic-beauty-of-the-atlantic-coast","29":"product_tag-dramatic-cliffs","30":"product_tag-evora","31":"product_tag-faro","32":"product_tag-food-and-wines-are-tasty","33":"product_tag-gastronomy","34":"product_tag-gastronomy-and-wines","35":"product_tag-guided-tour-by-coach","36":"product_tag-guimaraes","37":"product_tag-heritage","38":"product_tag-heritage-in-lisbon","39":"product_tag-historical-monuments-in-lisbon","40":"product_tag-knights-templar","41":"product_tag-lisbon","42":"product_tag-local-gastronomy","43":"product_tag-megalithic-monuments","44":"product_tag-monuments","45":"product_tag-oporto","46":"product_tag-porto","47":"product_tag-portugal","48":"product_tag-portugal-great-food-and-wine","49":"product_tag-roman-and-arab-vestiges","50":"product_tag-roman-vestiges","51":"product_tag-seafood","52":"product_tag-silves","53":"product_tag-sintra","54":"product_tag-templars-knights","55":"product_tag-tomar","56":"product_tag-unesco-world-heritage-site","57":"product_tag-vineyards","58":"product_tag-world-heritage","59":"product_tag-world-heritage-city","61":"first","62":"instock","63":"virtual","64":"product-type-simple"},"acf":[],"yoast_head":"<!-- This site is optimized with the Yoast SEO Premium plugin v26.8 (Yoast SEO v27.4) - https:\/\/yoast.com\/product\/yoast-seo-premium-wordpress\/ -->\n<title>The Best of Portugal by Coach - Legendary Adventure DMC Portugal<\/title>\n<meta name=\"robots\" content=\"index, follow, max-snippet:-1, max-image-preview:large, max-video-preview:-1\" \/>\n<link rel=\"canonical\" href=\"https:\/\/legendatours.com\/sv\/produkt\/the-best-of-portugal-by-coach-6100g\/\" \/>\n<meta property=\"og:locale\" content=\"sv_SE\" \/>\n<meta property=\"og:type\" content=\"article\" \/>\n<meta property=\"og:title\" content=\"The Best of Portugal by Coach\" \/>\n<meta property=\"og:description\" content=\"This imaginatively designed tour is a living travelogue through the best of Portugal.  We journey through the cultural history of this fascinating country from the beaches and dramatic cliffs of the Algarve, ancient villages, and high mountains of the interior to the far north where Portugal was born.  On the way, we will visit iconic cities and monuments, appreciate the fantastic scenery, and enjoy great food and wine.  Our multi-centre holiday will give you the opportunity to visit many of Portugal\u2019s UNESCO World Heritage Sites and explore its huge cultural diversity while relaxing in a well-planned itinerary covering a vast array of points of interest.  We give you the option of a round trip starting and ending in Faro, a 15-day stay, or an 8-day tour, starting in Porto and ending in Faro.\" \/>\n<meta property=\"og:url\" content=\"https:\/\/legendatours.com\/sv\/produkt\/the-best-of-portugal-by-coach-6100g\/\" \/>\n<meta property=\"og:site_name\" content=\"Legendary Adventure DMC Portugal\" \/>\n<meta property=\"article:publisher\" content=\"https:\/\/www.facebook.com\/legendaryadventuredmc\/\" \/>\n<meta property=\"article:modified_time\" content=\"2021-09-17T12:53:34+00:00\" \/>\n<meta property=\"og:image\" content=\"https:\/\/legendatours.com\/wp-content\/uploads\/sites\/12\/2021\/04\/belem_tower.jpg\" \/>\n\t<meta property=\"og:image:width\" content=\"1144\" \/>\n\t<meta property=\"og:image:height\" content=\"800\" \/>\n\t<meta property=\"og:image:type\" content=\"image\/jpeg\" \/>\n<meta name=\"twitter:card\" content=\"summary_large_image\" \/>\n<meta name=\"twitter:label1\" content=\"Ber\u00e4knad l\u00e4stid\" \/>\n\t<meta name=\"twitter:data1\" content=\"5 minuter\" \/>\n<script type=\"application\/ld+json\" class=\"yoast-schema-graph\">{\"@context\":\"https:\\\/\\\/schema.org\",\"@graph\":[{\"@type\":\"WebPage\",\"@id\":\"https:\\\/\\\/legendatours.com\\\/product\\\/the-best-of-portugal-by-coach-6100g\\\/\",\"url\":\"https:\\\/\\\/legendatours.com\\\/product\\\/the-best-of-portugal-by-coach-6100g\\\/\",\"name\":\"The Best of Portugal by Coach - Legendary Adventure DMC Portugal\",\"isPartOf\":{\"@id\":\"https:\\\/\\\/legendatours.com\\\/#website\"},\"primaryImageOfPage\":{\"@id\":\"https:\\\/\\\/legendatours.com\\\/product\\\/the-best-of-portugal-by-coach-6100g\\\/#primaryimage\"},\"image\":{\"@id\":\"https:\\\/\\\/legendatours.com\\\/product\\\/the-best-of-portugal-by-coach-6100g\\\/#primaryimage\"},\"thumbnailUrl\":\"https:\\\/\\\/legendatours.com\\\/wp-content\\\/uploads\\\/sites\\\/12\\\/2021\\\/04\\\/belem_tower.jpg\",\"datePublished\":\"2020-08-07T14:33:13+00:00\",\"dateModified\":\"2021-09-17T12:53:34+00:00\",\"breadcrumb\":{\"@id\":\"https:\\\/\\\/legendatours.com\\\/product\\\/the-best-of-portugal-by-coach-6100g\\\/#breadcrumb\"},\"inLanguage\":\"sv-SE\",\"potentialAction\":[{\"@type\":\"ReadAction\",\"target\":[\"https:\\\/\\\/legendatours.com\\\/product\\\/the-best-of-portugal-by-coach-6100g\\\/\"]}]},{\"@type\":\"ImageObject\",\"inLanguage\":\"sv-SE\",\"@id\":\"https:\\\/\\\/legendatours.com\\\/product\\\/the-best-of-portugal-by-coach-6100g\\\/#primaryimage\",\"url\":\"https:\\\/\\\/legendatours.com\\\/wp-content\\\/uploads\\\/sites\\\/12\\\/2021\\\/04\\\/belem_tower.jpg\",\"contentUrl\":\"https:\\\/\\\/legendatours.com\\\/wp-content\\\/uploads\\\/sites\\\/12\\\/2021\\\/04\\\/belem_tower.jpg\",\"width\":1144,\"height\":800,\"caption\":\"Belem Tower, Lisbon\"},{\"@type\":\"BreadcrumbList\",\"@id\":\"https:\\\/\\\/legendatours.com\\\/product\\\/the-best-of-portugal-by-coach-6100g\\\/#breadcrumb\",\"itemListElement\":[{\"@type\":\"ListItem\",\"position\":1,\"name\":\"Home\",\"item\":\"https:\\\/\\\/legendatours.com\\\/\"},{\"@type\":\"ListItem\",\"position\":2,\"name\":\"Shop\",\"item\":\"https:\\\/\\\/legendatours.com\\\/sv\\\/?page_id=4\"},{\"@type\":\"ListItem\",\"position\":3,\"name\":\"The Best of Portugal by Coach\"}]},{\"@type\":\"WebSite\",\"@id\":\"https:\\\/\\\/legendatours.com\\\/#website\",\"url\":\"https:\\\/\\\/legendatours.com\\\/\",\"name\":\"Legendary Adventure DMC Portugal\",\"description\":\"Responsible Walking &amp; Nature Holidays in Portugal\",\"publisher\":{\"@id\":\"https:\\\/\\\/legendatours.com\\\/#organization\"},\"alternateName\":\"Legendary Adventure Portugal\",\"potentialAction\":[{\"@type\":\"SearchAction\",\"target\":{\"@type\":\"EntryPoint\",\"urlTemplate\":\"https:\\\/\\\/legendatours.com\\\/?s={search_term_string}\"},\"query-input\":{\"@type\":\"PropertyValueSpecification\",\"valueRequired\":true,\"valueName\":\"search_term_string\"}}],\"inLanguage\":\"sv-SE\"},{\"@type\":\"Organization\",\"@id\":\"https:\\\/\\\/legendatours.com\\\/#organization\",\"name\":\"legendatours.com\",\"url\":\"https:\\\/\\\/legendatours.com\\\/\",\"logo\":{\"@type\":\"ImageObject\",\"inLanguage\":\"sv-SE\",\"@id\":\"https:\\\/\\\/legendatours.com\\\/#\\\/schema\\\/logo\\\/image\\\/\",\"url\":\"https:\\\/\\\/legendatours.com\\\/wp-content\\\/uploads\\\/sites\\\/12\\\/2021\\\/06\\\/legendary_adventure_dmc.png\",\"contentUrl\":\"https:\\\/\\\/legendatours.com\\\/wp-content\\\/uploads\\\/sites\\\/12\\\/2021\\\/06\\\/legendary_adventure_dmc.png\",\"width\":250,\"height\":74,\"caption\":\"legendatours.com\"},\"image\":{\"@id\":\"https:\\\/\\\/legendatours.com\\\/#\\\/schema\\\/logo\\\/image\\\/\"},\"sameAs\":[\"https:\\\/\\\/www.facebook.com\\\/legendaryadventuredmc\\\/\",\"https:\\\/\\\/www.linkedin.com\\\/company\\\/legendary-adventure-dmc-portugal\",\"https:\\\/\\\/www.youtube.com\\\/channel\\\/UCOIRDx_KM6ynIcacQkZjb6g\"]}]}<\/script>\n<!-- \/ Yoast SEO Premium plugin. -->","yoast_head_json":{"title":"Det b\u00e4sta av Portugal med buss - Legendary Adventure DMC Portugal","robots":{"index":"index","follow":"follow","max-snippet":"max-snippet:-1","max-image-preview":"max-image-preview:large","max-video-preview":"max-video-preview:-1"},"canonical":"https:\/\/legendatours.com\/sv\/produkt\/the-best-of-portugal-by-coach-6100g\/","og_locale":"sv_SE","og_type":"article","og_title":"The Best of Portugal by Coach","og_description":"This imaginatively designed tour is a living travelogue through the best of Portugal.  We journey through the cultural history of this fascinating country from the beaches and dramatic cliffs of the Algarve, ancient villages, and high mountains of the interior to the far north where Portugal was born.  On the way, we will visit iconic cities and monuments, appreciate the fantastic scenery, and enjoy great food and wine.  Our multi-centre holiday will give you the opportunity to visit many of Portugal\u2019s UNESCO World Heritage Sites and explore its huge cultural diversity while relaxing in a well-planned itinerary covering a vast array of points of interest.  We give you the option of a round trip starting and ending in Faro, a 15-day stay, or an 8-day tour, starting in Porto and ending in Faro.","og_url":"https:\/\/legendatours.com\/sv\/produkt\/the-best-of-portugal-by-coach-6100g\/","og_site_name":"Legendary Adventure DMC Portugal","article_publisher":"https:\/\/www.facebook.com\/legendaryadventuredmc\/","article_modified_time":"2021-09-17T12:53:34+00:00","og_image":[{"width":1144,"height":800,"url":"https:\/\/legendatours.com\/wp-content\/uploads\/sites\/12\/2021\/04\/belem_tower.jpg","type":"image\/jpeg"}],"twitter_card":"summary_large_image","twitter_misc":{"Ber\u00e4knad l\u00e4stid":"5 minuter"},"schema":{"@context":"https:\/\/schema.org","@graph":[{"@type":"WebPage","@id":"https:\/\/legendatours.com\/product\/the-best-of-portugal-by-coach-6100g\/","url":"https:\/\/legendatours.com\/product\/the-best-of-portugal-by-coach-6100g\/","name":"Det b\u00e4sta av Portugal med buss - Legendary Adventure DMC Portugal","isPartOf":{"@id":"https:\/\/legendatours.com\/#website"},"primaryImageOfPage":{"@id":"https:\/\/legendatours.com\/product\/the-best-of-portugal-by-coach-6100g\/#primaryimage"},"image":{"@id":"https:\/\/legendatours.com\/product\/the-best-of-portugal-by-coach-6100g\/#primaryimage"},"thumbnailUrl":"https:\/\/legendatours.com\/wp-content\/uploads\/sites\/12\/2021\/04\/belem_tower.jpg","datePublished":"2020-08-07T14:33:13+00:00","dateModified":"2021-09-17T12:53:34+00:00","breadcrumb":{"@id":"https:\/\/legendatours.com\/product\/the-best-of-portugal-by-coach-6100g\/#breadcrumb"},"inLanguage":"sv-SE","potentialAction":[{"@type":"ReadAction","target":["https:\/\/legendatours.com\/product\/the-best-of-portugal-by-coach-6100g\/"]}]},{"@type":"ImageObject","inLanguage":"sv-SE","@id":"https:\/\/legendatours.com\/product\/the-best-of-portugal-by-coach-6100g\/#primaryimage","url":"https:\/\/legendatours.com\/wp-content\/uploads\/sites\/12\/2021\/04\/belem_tower.jpg","contentUrl":"https:\/\/legendatours.com\/wp-content\/uploads\/sites\/12\/2021\/04\/belem_tower.jpg","width":1144,"height":800,"caption":"Belem Tower, Lisbon"},{"@type":"BreadcrumbList","@id":"https:\/\/legendatours.com\/product\/the-best-of-portugal-by-coach-6100g\/#breadcrumb","itemListElement":[{"@type":"ListItem","position":1,"name":"Home","item":"https:\/\/legendatours.com\/"},{"@type":"ListItem","position":2,"name":"Shop","item":"https:\/\/legendatours.com\/sv\/?page_id=4"},{"@type":"ListItem","position":3,"name":"The Best of Portugal by Coach"}]},{"@type":"WebSite","@id":"https:\/\/legendatours.com\/#website","url":"https:\/\/legendatours.com\/","name":"Legendariskt \u00e4ventyr DMC Portugal","description":"Ansvarsfulla vandringar och natursemester i Portugal","publisher":{"@id":"https:\/\/legendatours.com\/#organization"},"alternateName":"Legendary Adventure Portugal","potentialAction":[{"@type":"SearchAction","target":{"@type":"EntryPoint","urlTemplate":"https:\/\/legendatours.com\/?s={search_term_string}"},"query-input":{"@type":"PropertyValueSpecification","valueRequired":true,"valueName":"search_term_string"}}],"inLanguage":"sv-SE"},{"@type":"Organization","@id":"https:\/\/legendatours.com\/#organization","name":"legendatours.com","url":"https:\/\/legendatours.com\/","logo":{"@type":"ImageObject","inLanguage":"sv-SE","@id":"https:\/\/legendatours.com\/#\/schema\/logo\/image\/","url":"https:\/\/legendatours.com\/wp-content\/uploads\/sites\/12\/2021\/06\/legendary_adventure_dmc.png","contentUrl":"https:\/\/legendatours.com\/wp-content\/uploads\/sites\/12\/2021\/06\/legendary_adventure_dmc.png","width":250,"height":74,"caption":"legendatours.com"},"image":{"@id":"https:\/\/legendatours.com\/#\/schema\/logo\/image\/"},"sameAs":["https:\/\/www.facebook.com\/legendaryadventuredmc\/","https:\/\/www.linkedin.com\/company\/legendary-adventure-dmc-portugal","https:\/\/www.youtube.com\/channel\/UCOIRDx_KM6ynIcacQkZjb6g"]}]}},"_links":{"self":[{"href":"https:\/\/legendatours.com\/sv\/wp-json\/wp\/v2\/product\/7599","targetHints":{"allow":["GET"]}}],"collection":[{"href":"https:\/\/legendatours.com\/sv\/wp-json\/wp\/v2\/product"}],"about":[{"href":"https:\/\/legendatours.com\/sv\/wp-json\/wp\/v2\/types\/product"}],"replies":[{"embeddable":true,"href":"https:\/\/legendatours.com\/sv\/wp-json\/wp\/v2\/comments?post=7599"}],"wp:featuredmedia":[{"embeddable":true,"href":"https:\/\/legendatours.com\/sv\/wp-json\/wp\/v2\/media\/1691"}],"wp:attachment":[{"href":"https:\/\/legendatours.com\/sv\/wp-json\/wp\/v2\/media?parent=7599"}],"wp:term":[{"taxonomy":"product_brand","embeddable":true,"href":"https:\/\/legendatours.com\/sv\/wp-json\/wp\/v2\/product_brand?post=7599"},{"taxonomy":"product_cat","embeddable":true,"href":"https:\/\/legendatours.com\/sv\/wp-json\/wp\/v2\/product_cat?post=7599"},{"taxonomy":"product_tag","embeddable":true,"href":"https:\/\/legendatours.com\/sv\/wp-json\/wp\/v2\/product_tag?post=7599"}],"curies":[{"name":"wp","href":"https:\/\/api.w.org\/{rel}","templated":true}]}}